{"id":602,"date":"2022-10-04T11:17:53","date_gmt":"2022-10-04T11:17:53","guid":{"rendered":"https:\/\/www.iscm.edu.ar\/web\/?page_id=602"},"modified":"2025-10-11T20:43:47","modified_gmt":"2025-10-11T20:43:47","slug":"tecnicatura-superior-en-trabajo-social","status":"publish","type":"page","link":"https:\/\/www.iscm.edu.ar\/web\/carreras\/tecnicatura-superior-en-trabajo-social\/","title":{"rendered":"Tecnicatura Superior en Trabajo Social"},"content":{"rendered":"<p><img loading=\"lazy\" decoding=\"async\" class=\"alignnone size-full wp-image-603\" src=\"https:\/\/www.iscm.edu.ar\/web\/wp-content\/uploads\/2025\/10\/trabajo-social-scaled.jpg\" alt=\"\" width=\"673\" height=\"416\" \/><\/p>\n<p><strong>\u00a0<\/strong><\/p>\n<p><u>CARRERA<\/u>:\u00a0<strong>TECNICATURA SUPERIOR EN TRABAJO SOCIAL<\/strong><\/p>\n<p><u>T\u00cdTULO<\/u>:\u00a0Trabajador Social<\/p>\n<p><u>RESOLUCI\u00d3N:<\/u><strong>\u00a01666\/06<\/strong><\/p>\n<p><u>MODALIDAD<\/u><strong><u>:<\/u><\/strong><strong>\u00a0PRESENCIAL\u00a0\u00a0\u00a0<\/strong><\/p>\n<p><strong>PERFIL PROFESIONAL:<\/strong><\/p>\n<p>El Trabajador Social es un profesional competente para intervenir en diferentes espacios gubernamentales y no gubernamentales; capacitado para el abordaje de problem\u00e1ticas sociales e implementar alternativas de resoluci\u00f3n instrumentando metodolog\u00edas de la investigaci\u00f3n, elaborando diagn\u00f3sticos y planificaciones; asesorando, gestionando y coordinando acciones y recursos a trav\u00e9s de la sistematizaci\u00f3n de su pr\u00e1ctica profesional.<\/p>\n<p>Este profesional est\u00e1 capacitado para:<\/p>\n<ul>\n<li>Planificar, Orientar, Asesorar, Organizar, Conducir, Coordinar, Administrar y Evaluar acciones institucionales en diferentes niveles de funcionamiento y de decisi\u00f3n pol\u00edtica.<\/li>\n<li>Orientar, supervisar y capacitar equipos de trabajo.<\/li>\n<li>Organizar y coordinar actividades en instituciones con proyecci\u00f3n a la comunidad\u00a0 Trabajar en redes, optimizando el uso de los recursos existentes.<\/li>\n<li>\u00a0Intervenir en y desde instituciones gubernamentales y no gubernamentales<\/li>\n<li>Generar trabajo independiente. Gestionar recursos y acciones propias de sus actividades profesionales.<\/li>\n<li>Gestionar y administrar organizaciones sociales que atienden distintas problem\u00e1ticas<\/li>\n<li>Conformar equipos de capacitaci\u00f3n en gesti\u00f3n para los recursos humanos.<\/li>\n<li>Participar en la gesti\u00f3n de Pol\u00edticas Sociales Estatales y no Estatales.<\/li>\n<li>Elaborar informes, diagn\u00f3sticos sociales y estrategias de intervenci\u00f3n profesional en diferentes instancias del campo social relacionadas a situaciones problem\u00e1ticas abordadas.<\/li>\n<\/ul>\n<p><u>TOTAL DE HORAS<\/u><strong>: 2368<\/strong><\/p>\n<p><u>DURACI\u00d3N<\/u><strong>: 4 A\u00d1OS<\/strong><br \/>\n<a href=\"https:\/\/www.iscm.edu.ar\/web\/wp-content\/uploads\/2023\/08\/trabajosocial-res1666-06.pdf\" rel=\"noopener\" target=\"_blank\"><img decoding=\"async\" src=\"https:\/\/www.iscm.edu.ar\/web\/wp-content\/uploads\/2025\/10\/pdf-icon-png-22.png\" alt=\"pdf\" style=\"width:20px;height:20px;\"\/> Plan de la carrera<\/a><\/p>\n<table>\n<tbody>\n<tr>\n<td colspan=\"2\" align=\"center\">\n<h2><em><u>PRIMER A\u00d1O<\/u><\/em><\/h2>\n<\/td>\n<\/tr>\n<tr>\n<td>\n        <strong><u>ESPACIO DE LA FORMACI\u00d3N B\u00c1SICA<\/u><\/strong><br \/>\n        FILOSOF\u00cdA<br \/>\n        PSICOLOG\u00cdA EVOLUTIVA Y DE LA PERSONALIDAD<br \/>\n        SOCIOLOG\u00cdA I<br \/>\n        DERECHO\n      <\/td>\n<td>\n        <strong><u>ESPACIO DE LA FORMACI\u00d3N ESPEC\u00cdFICA<\/u><\/strong><br \/>\n        HISTORIA Y FUNDAMENTO DEL TRABAJO SOCIAL<br \/>\n        CONOCIMIENTO INSTITUCIONAL<br \/>\n        METODOLOG\u00cdA DE LA INVESTIGACI\u00d3N I<br \/>\n        PR\u00c1CTICA PROFESIONAL I<br \/>\n        EDI<br \/>\n        TEOLOG\u00cdA I\n      <\/td>\n<\/tr>\n<tr>\n<td colspan=\"2\" align=\"center\">\n<h2><em><u>SEGUNDO A\u00d1O<\/u><\/em><\/h2>\n<\/td>\n<\/tr>\n<tr>\n<td>\n        <strong><u>ESPACIO DE LA FORMACI\u00d3N B\u00c1SICA<\/u><\/strong><br \/>\n        SOCIOLOG\u00cdA II<br \/>\n        PSICOLOG\u00cdA SOCIAL<br \/>\n        EPISTEMOLOG\u00cdA<br \/>\n        DERECHO PENAL Y R\u00c9GIMEN PENITENCIARIO<br \/>\n        DERECHO DE FAMILIA\n      <\/td>\n<td>\n        <strong><u>ESPACIO DE LA FORMACI\u00d3N ESPEC\u00cdFICA<\/u><\/strong><br \/>\n        TRABAJO SOCIAL I<br \/>\n        TRABAJO SOCIAL II<br \/>\n        PR\u00c1CTICA PROFESIONAL II<br \/>\n        METODOLOG\u00cdA DE LA INVESTIGACI\u00d3N II<br \/>\n        EDI<br \/>\n        TEOLOG\u00cdA II\n      <\/td>\n<\/tr>\n<tr>\n<td colspan=\"2\" align=\"center\">\n<h2><em><u>TERCER A\u00d1O<\/u><\/em><\/h2>\n<\/td>\n<\/tr>\n<tr>\n<td>\n        <strong><u>ESPACIO DE LA FORMACI\u00d3N B\u00c1SICA<\/u><\/strong><br \/>\n        ANTROPOLOG\u00cdA<br \/>\n        HISTORIA SOCIAL Y POL\u00cdTICA<br \/>\n        DERECHO LABORAL<br \/>\n        SALUD P\u00daBLICA<br \/>\n        INGL\u00c9S I\n      <\/td>\n<td>\n        <strong><u>ESPACIO DE LA FORMACI\u00d3N ESPEC\u00cdFICA<\/u><\/strong><br \/>\n        TRABAJO SOCIAL III<br \/>\n        PLANIFICACI\u00d3N Y ADMINISTRACI\u00d3N<br \/>\n        PR\u00c1CTICA PROFESIONAL III<br \/>\n        TEOLOG\u00cdA III\n      <\/td>\n<\/tr>\n<tr>\n<td colspan=\"2\" align=\"center\">\n<h2><em><u>CUARTO A\u00d1O<\/u><\/em><\/h2>\n<\/td>\n<\/tr>\n<tr>\n<td>\n        <strong><u>ESPACIO DE LA FORMACI\u00d3N B\u00c1SICA<\/u><\/strong><br \/>\n        ECONOM\u00cdA SOCIAL<br \/>\n        SALUD MENTAL<br \/>\n        INGL\u00c9S II\n      <\/td>\n<td>\n        <strong><u>ESPACIO DE LA FORMACI\u00d3N ESPEC\u00cdFICA<\/u><\/strong><br \/>\n        POL\u00cdTICA SOCIAL<br \/>\n        TRABAJO FINAL DE INVESTIGACI\u00d3N<br \/>\n        EDI<br \/>\n        TEOLOG\u00cdA IV\n      <\/td>\n<\/tr>\n<\/tbody>\n<\/table>\n<div><b><a href=\"https:\/\/www.iscm.edu.ar\/\" target=\"_blank\" rel=\"noopener\" data-saferedirecturl=\"https:\/\/www.google.com\/url?hl=es&amp;q=https:\/\/www.iscm.edu.ar\/&amp;source=gmail&amp;ust=1472859477701000&amp;usg=AFQjCNEEtI8rB7qM8FUjS-Q6qWtoRwMLiA\">www.iscm.edu.ar<\/a><\/b><\/div>\n<div><b>02324-421211<\/b><\/div>\n<div><b>Calle 15 y 114\u00a0<\/b><b>Mercedes B<\/b><\/div>\n<div><b>\u00a0<\/b><\/div>\n<div><\/div>\n","protected":false},"excerpt":{"rendered":"<p>\u00a0 CARRERA:\u00a0TECNICATURA SUPERIOR EN TRABAJO SOCIAL T\u00cdTULO:\u00a0Trabajador Social RESOLUCI\u00d3N:\u00a01666\/06 MODALIDAD:\u00a0PRESENCIAL\u00a0\u00a0\u00a0 PERFIL PROFESIONAL: El Trabajador Social es un profesional competente para intervenir en diferentes espacios gubernamentales y no gubernamentales; capacitado para el abordaje de problem\u00e1ticas sociales e implementar alternativas de resoluci\u00f3n instrumentando metodolog\u00edas de la investigaci\u00f3n, elaborando diagn\u00f3sticos y planificaciones; asesorando, gestionando y coordinando acciones y <a href=\"https:\/\/www.iscm.edu.ar\/web\/carreras\/tecnicatura-superior-en-trabajo-social\/\" rel=\"nofollow\"><span class=\"sr-only\">Leer m\u00e1sTecnicatura Superior en Trabajo Social<\/span>[&hellip;]<\/a><\/p>\n","protected":false},"author":1,"featured_media":603,"parent":68,"menu_order":7,"comment_status":"closed","ping_status":"closed","template":"","meta":{"footnotes":""},"class_list":["post-602","page","type-page","status-publish","has-post-thumbnail","hentry"],"_links":{"self":[{"href":"https:\/\/www.iscm.edu.ar\/web\/wp-json\/wp\/v2\/pages\/602"}],"collection":[{"href":"https:\/\/www.iscm.edu.ar\/web\/wp-json\/wp\/v2\/pages"}],"about":[{"href":"https:\/\/www.iscm.edu.ar\/web\/wp-json\/wp\/v2\/types\/page"}],"author":[{"embeddable":true,"href":"https:\/\/www.iscm.edu.ar\/web\/wp-json\/wp\/v2\/users\/1"}],"replies":[{"embeddable":true,"href":"https:\/\/www.iscm.edu.ar\/web\/wp-json\/wp\/v2\/comments?post=602"}],"version-history":[{"count":7,"href":"https:\/\/www.iscm.edu.ar\/web\/wp-json\/wp\/v2\/pages\/602\/revisions"}],"predecessor-version":[{"id":1162,"href":"https:\/\/www.iscm.edu.ar\/web\/wp-json\/wp\/v2\/pages\/602\/revisions\/1162"}],"up":[{"embeddable":true,"href":"https:\/\/www.iscm.edu.ar\/web\/wp-json\/wp\/v2\/pages\/68"}],"wp:featuredmedia":[{"embeddable":true,"href":"https:\/\/www.iscm.edu.ar\/web\/wp-json\/wp\/v2\/media\/603"}],"wp:attachment":[{"href":"https:\/\/www.iscm.edu.ar\/web\/wp-json\/wp\/v2\/media?parent=602"}],"curies":[{"name":"wp","href":"https:\/\/api.w.org\/{rel}","templated":true}]}}