{"id":109,"date":"2016-08-28T21:44:28","date_gmt":"2016-08-28T21:44:28","guid":{"rendered":"http:\/\/www.iscm.com.ar\/web\/?page_id=109"},"modified":"2025-10-11T20:44:56","modified_gmt":"2025-10-11T20:44:56","slug":"tecnicatura-en-psicopedagogia","status":"publish","type":"page","link":"https:\/\/www.iscm.edu.ar\/web\/carreras\/tecnicatura-en-psicopedagogia\/","title":{"rendered":"Tecnicatura en Psicopedagog\u00eda"},"content":{"rendered":"<p><img loading=\"lazy\" decoding=\"async\" class=\"aligncenter size-full wp-image-111\" src=\"https:\/\/www.iscm.edu.ar\/web\/wp-content\/uploads\/2025\/10\/psicopedagogia-scaled.jpg\" alt=\"G-PSICOPE\" width=\"820\" height=\"301\" \/><\/p>\n<h1><span style=\"color: #ff0000;\">Plan de Estudio \u2013 Psicopedagog\u00eda<\/span><\/h1>\n<p><u>CARRERA<\/u>:\u00a0<strong>TECNICATURA SUPERIOR EN PSICOPEDAGOG\u00cdA<\/strong><\/p>\n<p><u>T\u00cdTULO<\/u>:\u00a0<strong>PSICOPEDAGOGA\/O<\/strong><\/p>\n<p><u>RESOLUCI\u00d3N:<\/u><strong>\u00a02460\/11<\/strong><\/p>\n<p><u>MODALIDAD<strong>:<\/strong><\/u><strong>\u00a0PRESENCIAL\u00a0\u00a0\u00a0<\/strong><\/p>\n<p><strong>\u00a0<\/strong><\/p>\n<p><strong>PERFIL PROFESIONAL<\/strong><br \/>\n<em><strong>Competencia General:\u00a0<\/strong><\/em><em>El Psicopedagogo estar\u00e1 capacitado para prevenir,\u00a0 diagnosticar y realizar intervenciones de asesoramiento, orientaci\u00f3n y tratamiento en toda situaci\u00f3n donde el aprendizaje y sus vicisitudes se pongan en juego, tanto en \u00e1mbitos de la salud, educativos, laborales y sociocomuntarios, y que faciliten en los sujetos de diversas edades la construcci\u00f3n de sus proyectos de vida en la comunidad<\/em>; asumiendo una actitud reflexiva y \u00e9tica de su accionar y\u00a0<em>quehacer y del lugar social que ocupan sus producciones.<strong>\u00a0\u00a0\u00a0\u00a0\u00a0\u00a0\u00a0<\/strong><\/em><br \/>\n<u>TOTAL DE HORAS<\/u><strong>: 2768<\/strong><br \/>\n<strong>\u00a0<\/strong><br \/>\n<u>DURACI\u00d3N<\/u><strong>: 4 A\u00d1OS<\/strong><br \/>\n<a href=\"https:\/\/www.iscm.edu.ar\/web\/wp-content\/uploads\/2023\/08\/Psicopedagogia-Res.-2460_11.pdf\" rel=\"noopener\" target=\"_blank\"><img decoding=\"async\" src=\"https:\/\/www.iscm.edu.ar\/web\/wp-content\/uploads\/2025\/10\/pdf-icon-png-22.png\" alt=\"pdf\" style=\"width:20px;height:20px;\"\/> Plan de la carrera<\/a><\/p>\n<table>\n<tbody>\n<tr>\n<td colspan=\"2\" align=\"center\">\n<h2><strong><em><u>PRIMER A\u00d1O<\/u><\/em><\/strong><\/h2>\n<\/td>\n<\/tr>\n<tr>\n<td>\n        <strong><u>CAMPO DE LA FORMACI\u00d3N GENERAL<\/u><\/strong><br \/>\n        FILOSOF\u00cdA<br \/>\n        ESTADO Y SOCIEDAD<\/p>\n<p>        <strong><u>CAMPO DE LA FORMACI\u00d3N DE FUNDAMENTO<\/u><\/strong><br \/>\n        DID\u00c1CTICA Y CURR\u00cdCULUM<br \/>\n        PEDAGOG\u00cdA<br \/>\n        PSICOLOG\u00cdA GENERAL<br \/>\n        ESTAD\u00cdSTICA APLICADA<br \/>\n        BASES NEUROFISIOL\u00d3GICAS DEL APRENDIZAJE\n      <\/td>\n<td>\n        <strong><u>CAMPO DE LA FORMACI\u00d3N ESPEC\u00cdFICA<\/u><\/strong><br \/>\n        PSICOPEDAGOG\u00cdA<\/p>\n<p>        <strong><u>CAMPO DE LA PR\u00c1CTICA PROFESIONAL<\/u><\/strong><br \/>\n        PR\u00c1CTICA PROFESIONAL I: INSERCI\u00d3N AL CAMPO PSICOPEDAG\u00d3GICO<\/p>\n<p>        TEOLOG\u00cdA I\n      <\/td>\n<\/tr>\n<tr>\n<td colspan=\"2\" align=\"center\">\n<h2><strong><em><u>SEGUNDO A\u00d1O<\/u><\/em><\/strong><\/h2>\n<\/td>\n<\/tr>\n<tr>\n<td>\n        <strong><u>CAMPO DE LA FORMACI\u00d3N GENERAL<\/u><\/strong><br \/>\n        PROBLEM\u00c1TICAS SOCIOCULTURALES CONTEMPOR\u00c1NEAS<\/p>\n<p>        <strong><u>CAMPO DE LA FORMACI\u00d3N DE FUNDAMENTO<\/u><\/strong><br \/>\n        PSICOLOG\u00cdA PSICOANAL\u00cdTICA<br \/>\n        PSICOLOG\u00cdA COGNITIVA<br \/>\n        PSICOLOG\u00cdA DEL LENGUAJE<br \/>\n        TALLER DE EVALUACI\u00d3N<br \/>\n        TALLER DE MEDIOS Y RECURSOS DID\u00c1CTICOS\n      <\/td>\n<td>\n        <strong><u>CAMPO DE LA FORMACI\u00d3N ESPEC\u00cdFICA<\/u><\/strong><br \/>\n        PSICOLOG\u00cdA DEL DESARROLLO I<br \/>\n        PSICOLOG\u00cdA DEL APRENDIZAJE I<br \/>\n        DIAGN\u00d3STICO PSICOPEDAG\u00d3GICO I<\/p>\n<p>        <strong><u>ESPACIO DE DEFINICI\u00d3N INSTITUCIONAL (EDI)<\/u><\/strong><\/p>\n<p>        <strong><u>CAMPO DE LA PR\u00c1CTICA PROFESIONAL<\/u><\/strong><br \/>\n        PR\u00c1CTICA PROFESIONAL II<\/p>\n<p>        TEOLOG\u00cdA II\n      <\/td>\n<\/tr>\n<tr>\n<td colspan=\"2\" align=\"center\">\n<h2><strong><em><u>TERCER A\u00d1O<\/u><\/em><\/strong><\/h2>\n<\/td>\n<\/tr>\n<tr>\n<td>\n        <strong><u>CAMPO DE LA FORMACI\u00d3N GENERAL<\/u><\/strong><br \/>\n        ABORDAJE DE PROBLEM\u00c1TICAS INSTITUCIONALES EN EL \u00c1MBITO ESCOLAR<\/p>\n<p>        <strong><u>CAMPO DE LA FORMACI\u00d3N DE FUNDAMENTO<\/u><\/strong><br \/>\n        LENGUA Y SU ENSE\u00d1ANZA<br \/>\n        MATEM\u00c1TICA Y SU ENSE\u00d1ANZA<br \/>\n        NEUROCIENCIAS\n      <\/td>\n<td>\n        <strong><u>CAMPO DE LA FORMACI\u00d3N ESPEC\u00cdFICA<\/u><\/strong><br \/>\n        PSICOLOG\u00cdA DEL DESARROLLO II<br \/>\n        PSICOLOG\u00cdA DEL APRENDIZAJE II<br \/>\n        PSICOPATOLOG\u00cdA<br \/>\n        AN\u00c1LISIS Y DIN\u00c1MICA DE GRUPOS<br \/>\n        ATENCI\u00d3N AL SUJETO DISCAPACITADO<br \/>\n        DIAGN\u00d3STICO PSICOPEDAG\u00d3GICO II<\/p>\n<p>        <strong><u>ESPACIO DE DEFINICI\u00d3N INSTITUCIONAL (EDI)<\/u><\/strong><\/p>\n<p>        <strong><u>CAMPO DE LA PR\u00c1CTICA PROFESIONAL<\/u><\/strong><br \/>\n        PR\u00c1CTICA PROFESIONAL III. EJE: DIAGN\u00d3STICO PSICOPEDAG\u00d3GICO<\/p>\n<p>        TEOLOG\u00cdA III\n      <\/td>\n<\/tr>\n<tr>\n<td colspan=\"2\" align=\"center\">\n<h2><strong><em><u>CUARTO A\u00d1O<\/u><\/em><\/strong><\/h2>\n<\/td>\n<\/tr>\n<tr>\n<td>\n        <strong><u>CAMPO DE LA FORMACI\u00d3N DE FUNDAMENTO<\/u><\/strong><br \/>\n        DEONTOLOG\u00cdA Y \u00c9TICA PROFESIONAL<br \/>\n        METODOLOG\u00cdA DE LA INVESTIGACI\u00d3N APLICADA<br \/>\n        TALLER DE ALFABETIZACI\u00d3N\n      <\/td>\n<td>\n        <strong><u>CAMPO DE LA FORMACI\u00d3N ESPEC\u00cdFICA<\/u><\/strong><br \/>\n        PREVENCI\u00d3N, DIAGN\u00d3STICO Y TRATAMIENTO PSICOPEDAG\u00d3GICO<br \/>\n        PSICOPEDAGOG\u00cdA LABORAL<br \/>\n        PSICOPEDAGOG\u00cdA INSTITUCIONAL<br \/>\n        PSICOPEDAGOG\u00cdA E INTEGRACI\u00d3N DEL SUJETO CON DISCAPACIDAD<\/p>\n<p>        <strong><u>ESPACIO DE DEFINICI\u00d3N INSTITUCIONAL (EDI)<\/u><\/strong><\/p>\n<p>        <strong><u>CAMPO DE LA PR\u00c1CTICA PROFESIONAL<\/u><\/strong><br \/>\n        PR\u00c1CTICA PROFESIONAL IV<br \/>\n        ORIENTACI\u00d3N VOCACIONAL<\/p>\n<p>        TEOLOG\u00cdA IV\n      <\/td>\n<\/tr>\n<\/tbody>\n<\/table>\n<hr \/>\n<p><strong>Jefe de departamento: Lic. Mar\u00eda Rosa Marchetti<\/strong><\/p>\n<p><strong>Preceptor: Marcela Marinelli<\/strong><\/p>\n<hr \/>\n<div><b><a href=\"http:\/\/www.iscm.edu.ar\/\" target=\"_blank\" rel=\"noopener\" data-saferedirecturl=\"https:\/\/www.google.com\/url?hl=es&amp;q=http:\/\/www.iscm.com.ar\/&amp;source=gmail&amp;ust=1472859050946000&amp;usg=AFQjCNEWev_5_3KbocvP1j2fZMDepaaS2Q\"><span style=\"color: #000000;\">www.iscm.edu.ar<\/span><\/a><\/b><\/div>\n<div><b><span style=\"color: #000000;\">02324-421211<\/span><\/b><\/div>\n<div><span style=\"color: #000000;\"><b>Calle 15 y 114\u00a0<\/b><b>Mercedes B<\/b><\/span><\/div>\n","protected":false},"excerpt":{"rendered":"<p>Plan de Estudio \u2013 Psicopedagog\u00eda CARRERA:\u00a0TECNICATURA SUPERIOR EN PSICOPEDAGOG\u00cdA T\u00cdTULO:\u00a0PSICOPEDAGOGA\/O RESOLUCI\u00d3N:\u00a02460\/11 MODALIDAD:\u00a0PRESENCIAL\u00a0\u00a0\u00a0 \u00a0 PERFIL PROFESIONAL Competencia General:\u00a0El Psicopedagogo estar\u00e1 capacitado para prevenir,\u00a0 diagnosticar y realizar intervenciones de asesoramiento, orientaci\u00f3n y tratamiento en toda situaci\u00f3n donde el aprendizaje y sus vicisitudes se pongan en juego, tanto en \u00e1mbitos de la salud, educativos, laborales y sociocomuntarios, y <a href=\"https:\/\/www.iscm.edu.ar\/web\/carreras\/tecnicatura-en-psicopedagogia\/\" rel=\"nofollow\"><span class=\"sr-only\">Leer m\u00e1sTecnicatura en Psicopedagog\u00eda<\/span>[&hellip;]<\/a><\/p>\n","protected":false},"author":1,"featured_media":111,"parent":68,"menu_order":0,"comment_status":"closed","ping_status":"closed","template":"","meta":{"footnotes":""},"class_list":["post-109","page","type-page","status-publish","has-post-thumbnail","hentry"],"_links":{"self":[{"href":"https:\/\/www.iscm.edu.ar\/web\/wp-json\/wp\/v2\/pages\/109"}],"collection":[{"href":"https:\/\/www.iscm.edu.ar\/web\/wp-json\/wp\/v2\/pages"}],"about":[{"href":"https:\/\/www.iscm.edu.ar\/web\/wp-json\/wp\/v2\/types\/page"}],"author":[{"embeddable":true,"href":"https:\/\/www.iscm.edu.ar\/web\/wp-json\/wp\/v2\/users\/1"}],"replies":[{"embeddable":true,"href":"https:\/\/www.iscm.edu.ar\/web\/wp-json\/wp\/v2\/comments?post=109"}],"version-history":[{"count":19,"href":"https:\/\/www.iscm.edu.ar\/web\/wp-json\/wp\/v2\/pages\/109\/revisions"}],"predecessor-version":[{"id":1164,"href":"https:\/\/www.iscm.edu.ar\/web\/wp-json\/wp\/v2\/pages\/109\/revisions\/1164"}],"up":[{"embeddable":true,"href":"https:\/\/www.iscm.edu.ar\/web\/wp-json\/wp\/v2\/pages\/68"}],"wp:featuredmedia":[{"embeddable":true,"href":"https:\/\/www.iscm.edu.ar\/web\/wp-json\/wp\/v2\/media\/111"}],"wp:attachment":[{"href":"https:\/\/www.iscm.edu.ar\/web\/wp-json\/wp\/v2\/media?parent=109"}],"curies":[{"name":"wp","href":"https:\/\/api.w.org\/{rel}","templated":true}]}}